{"id":2653,"date":"2019-01-16T09:46:08","date_gmt":"2019-01-16T09:46:08","guid":{"rendered":"https:\/\/vertix.es\/carrer-lleida-prat-copy\/"},"modified":"2020-10-13T13:05:31","modified_gmt":"2020-10-13T13:05:31","slug":"edificio-blanes","status":"publish","type":"page","link":"https:\/\/www.vertix.es\/es\/edificio-blanes\/","title":{"rendered":"EDIFICIO BLANES"},"content":{"rendered":"<p><div class=\"fusion-fullwidth fullwidth-box fusion-builder-row-1 fusion-flex-container nonhundred-percent-fullwidth non-hundred-percent-height-scrolling\" style=\"--awb-background-position:left top;--awb-border-radius-top-left:0px;--awb-border-radius-top-right:0px;--awb-border-radius-bottom-right:0px;--awb-border-radius-bottom-left:0px;--awb-padding-top:40px;--awb-padding-right:0px;--awb-padding-bottom:0px;--awb-padding-left:0px;--awb-margin-top:0px;--awb-margin-bottom:0px;--awb-background-color:#f2f2f2;--awb-border-sizes-top:0px;--awb-border-sizes-bottom:0px;--awb-flex-wrap:wrap;\" ><div class=\"fusion-builder-row fusion-row fusion-flex-align-items-flex-start fusion-flex-content-wrap\" style=\"max-width:calc( 1100px + 0px );margin-left: calc(-0px \/ 2 );margin-right: calc(-0px \/ 2 );\"><div class=\"fusion-layout-column fusion_builder_column fusion-builder-column-0 fusion_builder_column_1_1 1_1 fusion-flex-column\" style=\"--awb-bg-size:cover;--awb-width-large:100%;--awb-margin-top-large:0px;--awb-spacing-right-large:0px;--awb-margin-bottom-large:15px;--awb-spacing-left-large:0px;--awb-width-medium:100%;--awb-spacing-right-medium:0px;--awb-spacing-left-medium:0px;--awb-width-small:100%;--awb-spacing-right-small:0px;--awb-spacing-left-small:0px;\"><div class=\"fusion-column-wrapper fusion-flex-justify-content-flex-start fusion-content-layout-column\"><div style=\"text-align:right;\"><a class=\"fusion-button button-flat fusion-button-default-size button-custom fusion-button-default button-1 fusion-button-default-span \" style=\"--button_accent_color:#ffffff;--button_accent_hover_color:#ffffff;--button_border_hover_color:#ffffff;--button_border_width-top:0px;--button_border_width-right:0px;--button_border_width-bottom:0px;--button_border_width-left:0px;--button_gradient_top_color:#b71a17;--button_gradient_bottom_color:#b71a17;--button_gradient_top_color_hover:rgba(183,26,23,0.75);--button_gradient_bottom_color_hover:rgba(183,26,23,0.75);\" target=\"_blank\" rel=\"noopener noreferrer\" href=\"https:\/\/youtu.be\/N66zKTJw8WU\"><i class=\" fa fa-video-camera awb-button__icon awb-button__icon--default button-icon-left\" aria-hidden=\"true\"><\/i><span class=\"fusion-button-text awb-button__text awb-button__text--default\">VER VIDEO PISO MUESTRA<\/span><\/a><\/div><\/div><\/div><div class=\"fusion-layout-column fusion_builder_column fusion-builder-column-1 fusion_builder_column_1_1 1_1 fusion-flex-column\" style=\"--awb-bg-size:cover;--awb-width-large:100%;--awb-margin-top-large:0px;--awb-spacing-right-large:0px;--awb-margin-bottom-large:20px;--awb-spacing-left-large:0px;--awb-width-medium:100%;--awb-spacing-right-medium:0px;--awb-spacing-left-medium:0px;--awb-width-small:100%;--awb-spacing-right-small:0px;--awb-spacing-left-small:0px;\"><div class=\"fusion-column-wrapper fusion-flex-justify-content-flex-start fusion-content-layout-column\"><div class=\"fusion-image-carousel fusion-image-carousel-auto fusion-image-carousel-1\"><div class=\"awb-carousel awb-swiper awb-swiper-carousel awb-swiper-dots-position-bottom awb-carousel--carousel\" data-layout=\"carousel\" data-autoplay=\"yes\" data-autoplayspeed=\"2500\" data-autoplaypause=\"no\" data-columns=\"1\" data-itemmargin=\"13\" data-itemwidth=\"180\" data-touchscroll=\"no\" data-freemode=\"no\" data-imagesize=\"auto\" data-scrollitems=\"0\" data-centeredslides=\"no\" data-rotationangle=\"50\" data-depth=\"100\" data-speed=\"500\" data-shadow=\"no\" style=\"--awb-columns:1;\"><div class=\"swiper-wrapper awb-image-carousel-wrapper fusion-flex-align-items-center\"><div class=\"swiper-slide\"><div class=\"fusion-carousel-item-wrapper\"><div class=\"fusion-image-wrapper hover-type-none\"><img decoding=\"async\" width=\"1400\" height=\"780\" src=\"https:\/\/www.vertix.es\/wp-content\/uploads\/2019\/01\/Gigantograf\u00eda-MOD-HR-Pla\u00e7a-Blanes-Prat-Vertix-1.jpg\" class=\"attachment-full size-full\" alt=\"\" srcset=\"https:\/\/www.vertix.es\/wp-content\/uploads\/2019\/01\/Gigantograf\u00eda-MOD-HR-Pla\u00e7a-Blanes-Prat-Vertix-1-200x111.jpg 200w, https:\/\/www.vertix.es\/wp-content\/uploads\/2019\/01\/Gigantograf\u00eda-MOD-HR-Pla\u00e7a-Blanes-Prat-Vertix-1-300x167.jpg 300w, https:\/\/www.vertix.es\/wp-content\/uploads\/2019\/01\/Gigantograf\u00eda-MOD-HR-Pla\u00e7a-Blanes-Prat-Vertix-1-400x223.jpg 400w, https:\/\/www.vertix.es\/wp-content\/uploads\/2019\/01\/Gigantograf\u00eda-MOD-HR-Pla\u00e7a-Blanes-Prat-Vertix-1-600x334.jpg 600w, https:\/\/www.vertix.es\/wp-content\/uploads\/2019\/01\/Gigantograf\u00eda-MOD-HR-Pla\u00e7a-Blanes-Prat-Vertix-1-768x428.jpg 768w, https:\/\/www.vertix.es\/wp-content\/uploads\/2019\/01\/Gigantograf\u00eda-MOD-HR-Pla\u00e7a-Blanes-Prat-Vertix-1-800x446.jpg 800w, https:\/\/www.vertix.es\/wp-content\/uploads\/2019\/01\/Gigantograf\u00eda-MOD-HR-Pla\u00e7a-Blanes-Prat-Vertix-1-1024x571.jpg 1024w, https:\/\/www.vertix.es\/wp-content\/uploads\/2019\/01\/Gigantograf\u00eda-MOD-HR-Pla\u00e7a-Blanes-Prat-Vertix-1-1200x669.jpg 1200w, https:\/\/www.vertix.es\/wp-content\/uploads\/2019\/01\/Gigantograf\u00eda-MOD-HR-Pla\u00e7a-Blanes-Prat-Vertix-1.jpg 1400w\" sizes=\"(max-width: 1400px) 100vw, 1400px\" \/><\/div><\/div><\/div><div class=\"swiper-slide\"><div class=\"fusion-carousel-item-wrapper\"><div class=\"fusion-image-wrapper hover-type-none\"><img decoding=\"async\" width=\"1400\" height=\"800\" src=\"https:\/\/www.vertix.es\/wp-content\/uploads\/2019\/01\/Sal\u00f3n-HR-Pla\u00e7a-Blanes-Prat-Vertix.jpg\" class=\"attachment-full size-full\" alt=\"\" srcset=\"https:\/\/www.vertix.es\/wp-content\/uploads\/2019\/01\/Sal\u00f3n-HR-Pla\u00e7a-Blanes-Prat-Vertix-200x114.jpg 200w, https:\/\/www.vertix.es\/wp-content\/uploads\/2019\/01\/Sal\u00f3n-HR-Pla\u00e7a-Blanes-Prat-Vertix-300x171.jpg 300w, https:\/\/www.vertix.es\/wp-content\/uploads\/2019\/01\/Sal\u00f3n-HR-Pla\u00e7a-Blanes-Prat-Vertix-400x229.jpg 400w, https:\/\/www.vertix.es\/wp-content\/uploads\/2019\/01\/Sal\u00f3n-HR-Pla\u00e7a-Blanes-Prat-Vertix-600x343.jpg 600w, https:\/\/www.vertix.es\/wp-content\/uploads\/2019\/01\/Sal\u00f3n-HR-Pla\u00e7a-Blanes-Prat-Vertix-768x439.jpg 768w, https:\/\/www.vertix.es\/wp-content\/uploads\/2019\/01\/Sal\u00f3n-HR-Pla\u00e7a-Blanes-Prat-Vertix-800x457.jpg 800w, https:\/\/www.vertix.es\/wp-content\/uploads\/2019\/01\/Sal\u00f3n-HR-Pla\u00e7a-Blanes-Prat-Vertix-1024x585.jpg 1024w, https:\/\/www.vertix.es\/wp-content\/uploads\/2019\/01\/Sal\u00f3n-HR-Pla\u00e7a-Blanes-Prat-Vertix-1200x686.jpg 1200w, https:\/\/www.vertix.es\/wp-content\/uploads\/2019\/01\/Sal\u00f3n-HR-Pla\u00e7a-Blanes-Prat-Vertix.jpg 1400w\" sizes=\"(max-width: 1400px) 100vw, 1400px\" \/><\/div><\/div><\/div><div class=\"swiper-slide\"><div class=\"fusion-carousel-item-wrapper\"><div class=\"fusion-image-wrapper hover-type-none\"><img decoding=\"async\" width=\"1400\" height=\"800\" src=\"https:\/\/www.vertix.es\/wp-content\/uploads\/2019\/01\/Cocina-HR-Blanca-Pla\u00e7a-Blanes-Prat-Vertix.jpg\" class=\"attachment-full size-full\" alt=\"\" srcset=\"https:\/\/www.vertix.es\/wp-content\/uploads\/2019\/01\/Cocina-HR-Blanca-Pla\u00e7a-Blanes-Prat-Vertix-200x114.jpg 200w, https:\/\/www.vertix.es\/wp-content\/uploads\/2019\/01\/Cocina-HR-Blanca-Pla\u00e7a-Blanes-Prat-Vertix-300x171.jpg 300w, https:\/\/www.vertix.es\/wp-content\/uploads\/2019\/01\/Cocina-HR-Blanca-Pla\u00e7a-Blanes-Prat-Vertix-400x229.jpg 400w, https:\/\/www.vertix.es\/wp-content\/uploads\/2019\/01\/Cocina-HR-Blanca-Pla\u00e7a-Blanes-Prat-Vertix-600x343.jpg 600w, https:\/\/www.vertix.es\/wp-content\/uploads\/2019\/01\/Cocina-HR-Blanca-Pla\u00e7a-Blanes-Prat-Vertix-768x439.jpg 768w, https:\/\/www.vertix.es\/wp-content\/uploads\/2019\/01\/Cocina-HR-Blanca-Pla\u00e7a-Blanes-Prat-Vertix-800x457.jpg 800w, https:\/\/www.vertix.es\/wp-content\/uploads\/2019\/01\/Cocina-HR-Blanca-Pla\u00e7a-Blanes-Prat-Vertix-1024x585.jpg 1024w, https:\/\/www.vertix.es\/wp-content\/uploads\/2019\/01\/Cocina-HR-Blanca-Pla\u00e7a-Blanes-Prat-Vertix-1200x686.jpg 1200w, https:\/\/www.vertix.es\/wp-content\/uploads\/2019\/01\/Cocina-HR-Blanca-Pla\u00e7a-Blanes-Prat-Vertix.jpg 1400w\" sizes=\"(max-width: 1400px) 100vw, 1400px\" \/><\/div><\/div><\/div><div class=\"swiper-slide\"><div class=\"fusion-carousel-item-wrapper\"><div class=\"fusion-image-wrapper hover-type-none\"><img decoding=\"async\" width=\"1400\" height=\"800\" src=\"https:\/\/www.vertix.es\/wp-content\/uploads\/2019\/01\/Ba\u00f1o-HR-Pla\u00e7a-Blanes-Prat-Vertix.jpg\" class=\"attachment-full size-full\" alt=\"\" srcset=\"https:\/\/www.vertix.es\/wp-content\/uploads\/2019\/01\/Ba\u00f1o-HR-Pla\u00e7a-Blanes-Prat-Vertix-200x114.jpg 200w, https:\/\/www.vertix.es\/wp-content\/uploads\/2019\/01\/Ba\u00f1o-HR-Pla\u00e7a-Blanes-Prat-Vertix-300x171.jpg 300w, https:\/\/www.vertix.es\/wp-content\/uploads\/2019\/01\/Ba\u00f1o-HR-Pla\u00e7a-Blanes-Prat-Vertix-400x229.jpg 400w, https:\/\/www.vertix.es\/wp-content\/uploads\/2019\/01\/Ba\u00f1o-HR-Pla\u00e7a-Blanes-Prat-Vertix-600x343.jpg 600w, https:\/\/www.vertix.es\/wp-content\/uploads\/2019\/01\/Ba\u00f1o-HR-Pla\u00e7a-Blanes-Prat-Vertix-768x439.jpg 768w, https:\/\/www.vertix.es\/wp-content\/uploads\/2019\/01\/Ba\u00f1o-HR-Pla\u00e7a-Blanes-Prat-Vertix-800x457.jpg 800w, https:\/\/www.vertix.es\/wp-content\/uploads\/2019\/01\/Ba\u00f1o-HR-Pla\u00e7a-Blanes-Prat-Vertix-1024x585.jpg 1024w, https:\/\/www.vertix.es\/wp-content\/uploads\/2019\/01\/Ba\u00f1o-HR-Pla\u00e7a-Blanes-Prat-Vertix-1200x686.jpg 1200w, https:\/\/www.vertix.es\/wp-content\/uploads\/2019\/01\/Ba\u00f1o-HR-Pla\u00e7a-Blanes-Prat-Vertix.jpg 1400w\" sizes=\"(max-width: 1400px) 100vw, 1400px\" \/><\/div><\/div><\/div><\/div><div class=\"awb-swiper-button awb-swiper-button-prev\"><i class=\"awb-icon-angle-left\" aria-hidden=\"true\"><\/i><\/div><div class=\"awb-swiper-button awb-swiper-button-next\"><i class=\"awb-icon-angle-right\" aria-hidden=\"true\"><\/i><\/div><\/div><\/div><\/div><\/div><\/div><\/div><div class=\"fusion-fullwidth fullwidth-box fusion-builder-row-2 fusion-flex-container nonhundred-percent-fullwidth non-hundred-percent-height-scrolling\" style=\"--awb-background-position:left top;--awb-border-radius-top-left:0px;--awb-border-radius-top-right:0px;--awb-border-radius-bottom-right:0px;--awb-border-radius-bottom-left:0px;--awb-padding-top:20px;--awb-padding-right:0px;--awb-padding-bottom:20px;--awb-padding-left:0px;--awb-margin-top:0px;--awb-margin-bottom:0px;--awb-background-color:#f2f2f2;--awb-border-sizes-top:0px;--awb-border-sizes-bottom:0px;--awb-flex-wrap:wrap;\" ><div class=\"fusion-builder-row fusion-row fusion-flex-align-items-flex-start fusion-flex-content-wrap\" style=\"max-width:1144px;margin-left: calc(-4% \/ 2 );margin-right: calc(-4% \/ 2 );\"><div class=\"fusion-layout-column fusion_builder_column fusion-builder-column-2 fusion_builder_column_1_3 1_3 fusion-flex-column\" style=\"--awb-bg-size:cover;--awb-width-large:33.333333333333%;--awb-margin-top-large:0px;--awb-spacing-right-large:3.8399999999999%;--awb-margin-bottom-large:20px;--awb-spacing-left-large:5.76%;--awb-width-medium:33.333333333333%;--awb-spacing-right-medium:3.8399999999999%;--awb-spacing-left-medium:5.76%;--awb-width-small:100%;--awb-spacing-right-small:1.92%;--awb-spacing-left-small:1.92%;\"><div class=\"fusion-column-wrapper fusion-flex-justify-content-flex-start fusion-content-layout-column\"><div class=\"fusion-text fusion-text-1\"><h2>El Prat de Llobregat<\/h2>\n<h4>Plaza Garrovilles<br \/>\nentre c\/ Catalunya y c\/ Cadaqu\u00e8s<br \/>\nEl Prat de Llobregat.\u00a0Barcelona<\/h4>\n<\/div><div class=\"fusion-separator fusion-full-width-sep\" style=\"align-self: center;margin-left: auto;margin-right: auto;margin-top:10px;margin-bottom:15px;width:100%;\"><div class=\"fusion-separator-border sep-single sep-solid\" style=\"--awb-height:20px;--awb-amount:20px;--awb-sep-color:#666666;border-color:#66666666;border-top-width:1px;\"><\/div><\/div><div class=\"fusion-text fusion-text-2\"><div class=\"fusion-text\">\n<h4 class=\"panel-heading\"><span style=\"color: #000000;\"><strong>Oficina d\u2019informaci\u00f3 i vendes:<\/strong><\/span><br \/>\n<span style=\"color: #000000;\">Av. Onze de Setembre, 100<\/span><br \/>\n<span style=\"color: #000000;\">08820 El Prat de Llobregat<\/span><br \/>\n<span style=\"color: #000000;\"><a style=\"color: #000000;\" href=\"mailto:info@vertix.es\" target=\"_blank\" rel=\"noopener noreferrer\">info@vertix.es<\/a><\/span><\/h4>\n<\/div>\n<\/div><a href=\"tel:+34620449946\"><h4><b>Tel. (+34) 620 449 946<\/b><\/h4><\/a>\n<a href=\"tel:+34935995413\"><h4><b>Tel. (+34) 93 599 54 13<\/b><\/h4><\/a><div class=\"fusion-separator fusion-full-width-sep\" style=\"align-self: center;margin-left: auto;margin-right: auto;margin-top:5px;margin-bottom:5px;width:100%;\"><div class=\"fusion-separator-border sep-single sep-solid\" style=\"--awb-height:20px;--awb-amount:20px;--awb-sep-color:#e0e0e0;border-color:#e0e0e0;border-top-width:1px;\"><\/div><\/div><div class=\"accordian fusion-accordian\" style=\"--awb-border-size:1px;--awb-icon-size:13px;--awb-content-font-size:var(--awb-typography4-font-size);--awb-icon-alignment:left;--awb-hover-color:#f9f9f9;--awb-border-color:#cccccc;--awb-background-color:#ffffff;--awb-divider-color:var(--awb-color3);--awb-divider-hover-color:var(--awb-color3);--awb-icon-color:#ffffff;--awb-title-color:var(--awb-color8);--awb-content-color:var(--awb-color8);--awb-icon-box-color:#37383a;--awb-toggle-hover-accent-color:#adadad;--awb-title-font-family:var(--awb-typography1-font-family);--awb-title-font-weight:var(--awb-typography1-font-weight);--awb-title-font-style:var(--awb-typography1-font-style);--awb-title-font-size:16px;--awb-title-line-height:1.56;--awb-content-font-family:var(--awb-typography4-font-family);--awb-content-font-weight:var(--awb-typography4-font-weight);--awb-content-font-style:var(--awb-typography4-font-style);\"><div class=\"panel-group fusion-toggle-icon-boxed\" id=\"accordion-2653-1\"><div class=\"fusion-panel panel-default panel-c3561a7122f4d9f34 fusion-toggle-has-divider\"><div class=\"panel-heading\"><h4 class=\"panel-title toggle\" id=\"toggle_c3561a7122f4d9f34\"><a aria-expanded=\"false\" aria-controls=\"c3561a7122f4d9f34\" role=\"button\" data-toggle=\"collapse\" data-parent=\"#accordion-2653-1\" data-target=\"#c3561a7122f4d9f34\" href=\"#c3561a7122f4d9f34\"><span class=\"fusion-toggle-icon-wrapper\" aria-hidden=\"true\"><i class=\"fa-fusion-box active-icon awb-icon-minus\" aria-hidden=\"true\"><\/i><i class=\"fa-fusion-box inactive-icon awb-icon-plus\" aria-hidden=\"true\"><\/i><\/span><span class=\"fusion-toggle-heading\">Planos<\/span><\/a><\/h4><\/div><div id=\"c3561a7122f4d9f34\" class=\"panel-collapse collapse \" aria-labelledby=\"toggle_c3561a7122f4d9f34\"><div class=\"panel-body toggle-content fusion-clearfix\">\n<p><span style=\"color: #000000;\"><strong>Piso 3 dormitorios, planta 2\u00aa.<\/strong><\/span><br \/>\n<i class=\"fa fa-file-o\"><span style=\"color: transparent; display: none;\">icon-file-o<\/span><\/i>\u00a0<span style=\"text-decoration: underline;\"><a href=\"https:\/\/vertix.es\/wp-content\/uploads\/2019\/01\/blanes-2.pdf\" target=\"_blank\" rel=\"noopener noreferrer\">Ver plano PDF<\/a><\/span><\/p>\n<p><span style=\"color: #000000;\"><strong>Piso 3 dormitorios, planta 3\u00aa.<\/strong><\/span><br \/>\n<i class=\"fa fa-file-o\"><span style=\"color: transparent; display: none;\">icon-file-o<\/span><\/i>\u00a0<span style=\"text-decoration: underline;\"><a href=\"https:\/\/vertix.es\/wp-content\/uploads\/2019\/01\/blanes-3.pdf\" target=\"_blank\" rel=\"noopener noreferrer\">Ver plano PDF<\/a><\/span><\/p>\n<p><span style=\"color: #000000;\"><strong>\u00c1tico 4 dormitorios.<\/strong><\/span><br \/>\n<i class=\"fa fa-file-o\"><span style=\"color: transparent; display: none;\">icon-file-o<\/span><\/i>\u00a0<span style=\"text-decoration: underline;\"><a href=\"https:\/\/vertix.es\/wp-content\/uploads\/2019\/01\/blanes-4.pdf\" target=\"_blank\" rel=\"noopener noreferrer\">Ver plano PDF<\/a><\/span><\/p>\n<\/div><\/div><\/div><div class=\"fusion-panel panel-default panel-853c51e021ce95348 fusion-toggle-has-divider\"><div class=\"panel-heading\"><h4 class=\"panel-title toggle\" id=\"toggle_853c51e021ce95348\"><a aria-expanded=\"false\" aria-controls=\"853c51e021ce95348\" role=\"button\" data-toggle=\"collapse\" data-parent=\"#accordion-2653-1\" data-target=\"#853c51e021ce95348\" href=\"#853c51e021ce95348\"><span class=\"fusion-toggle-icon-wrapper\" aria-hidden=\"true\"><i class=\"fa-fusion-box active-icon awb-icon-minus\" aria-hidden=\"true\"><\/i><i class=\"fa-fusion-box inactive-icon awb-icon-plus\" aria-hidden=\"true\"><\/i><\/span><span class=\"fusion-toggle-heading\">Memoria de calidades<\/span><\/a><\/h4><\/div><div id=\"853c51e021ce95348\" class=\"panel-collapse collapse \" aria-labelledby=\"toggle_853c51e021ce95348\"><div class=\"panel-body toggle-content fusion-clearfix\">\n<p><strong><span style=\"color: #000000;\">Descargar memoria de calidades<br \/>\n<\/span><\/strong><a href=\"https:\/\/vertix.es\/wp-content\/uploads\/2019\/01\/Memoria-Blanes-cast.pdf\" target=\"_blank\" rel=\"noopener noreferrer\"><span style=\"line-height: 1.5;\">\u00a0<i class=\"fa fa-file-text-o\"><span style=\"color: transparent; display: none;\">icon-file-text-o<\/span><\/i>\u00a0<span style=\"text-decoration: underline;\">PDF <\/span><\/span><\/a><\/p>\n<\/div><\/div><\/div><div class=\"fusion-panel panel-default panel-a2fd87bc8cb7e239d fusion-toggle-has-divider\"><div class=\"panel-heading\"><h4 class=\"panel-title toggle\" id=\"toggle_a2fd87bc8cb7e239d\"><a aria-expanded=\"false\" aria-controls=\"a2fd87bc8cb7e239d\" role=\"button\" data-toggle=\"collapse\" data-parent=\"#accordion-2653-1\" data-target=\"#a2fd87bc8cb7e239d\" href=\"#a2fd87bc8cb7e239d\"><span class=\"fusion-toggle-icon-wrapper\" aria-hidden=\"true\"><i class=\"fa-fusion-box active-icon awb-icon-minus\" aria-hidden=\"true\"><\/i><i class=\"fa-fusion-box inactive-icon awb-icon-plus\" aria-hidden=\"true\"><\/i><\/span><span class=\"fusion-toggle-heading\">M\u00e1s informaci\u00f3n<\/span><\/a><\/h4><\/div><div id=\"a2fd87bc8cb7e239d\" class=\"panel-collapse collapse \" aria-labelledby=\"toggle_a2fd87bc8cb7e239d\"><div class=\"panel-body toggle-content fusion-clearfix\">\n<div class=\"wpcf7 no-js\" id=\"wpcf7-f2274-o1\" lang=\"es-ES\" dir=\"ltr\" data-wpcf7-id=\"2274\">\n<div class=\"screen-reader-response\"><p role=\"status\" aria-live=\"polite\" aria-atomic=\"true\"><\/p> <ul><\/ul><\/div>\n<form action=\"\/es\/wp-json\/wp\/v2\/pages\/2653#wpcf7-f2274-o1\" method=\"post\" class=\"wpcf7-form init\" aria-label=\"Formulario de contacto\" novalidate=\"novalidate\" data-status=\"init\">\n<div style=\"display: none;\">\n<input type=\"hidden\" name=\"_wpcf7\" value=\"2274\" \/>\n<input type=\"hidden\" name=\"_wpcf7_version\" value=\"6.0.6\" \/>\n<input type=\"hidden\" name=\"_wpcf7_locale\" value=\"es_ES\" \/>\n<input type=\"hidden\" name=\"_wpcf7_unit_tag\" value=\"wpcf7-f2274-o1\" \/>\n<input type=\"hidden\" name=\"_wpcf7_container_post\" value=\"0\" \/>\n<input type=\"hidden\" name=\"_wpcf7_posted_data_hash\" value=\"\" \/>\n<\/div>\n<h4>Nombre*<br \/>\n<span class=\"wpcf7-form-control-wrap\" data-name=\"your-name\"><input size=\"40\" maxlength=\"400\" class=\"wpcf7-form-control wpcf7-text wpcf7-validates-as-required\" aria-required=\"true\" aria-invalid=\"false\" value=\"\" type=\"text\" name=\"your-name\" \/><\/span> <br \/>\n\t<p>Correo electr\u00f3nico*\n\t<\/p><span class=\"wpcf7-form-control-wrap\" data-name=\"your-email\"><input size=\"40\" maxlength=\"400\" class=\"wpcf7-form-control wpcf7-email wpcf7-validates-as-required wpcf7-text wpcf7-validates-as-email\" aria-required=\"true\" aria-invalid=\"false\" value=\"\" type=\"email\" name=\"your-email\" \/><\/span> <br \/>\n\t<p>Tel\u00e9fono*\n\t<\/p><span class=\"wpcf7-form-control-wrap\" data-name=\"tel-369\"><input size=\"40\" maxlength=\"400\" class=\"wpcf7-form-control wpcf7-tel wpcf7-validates-as-required wpcf7-text wpcf7-validates-as-tel\" aria-required=\"true\" aria-invalid=\"false\" value=\"\" type=\"tel\" name=\"tel-369\" \/><\/span> <br \/>\n\t<p>Ind\u00edquenos la promoci\u00f3n sobre la que desea m\u00e1s informaci\u00f3n\n\t<\/p><span class=\"wpcf7-form-control-wrap\" data-name=\"menu-76\"><select class=\"wpcf7-form-control wpcf7-select wpcf7-validates-as-required\" aria-required=\"true\" aria-invalid=\"false\" name=\"menu-76\"><option value=\"\">&#8212;Por favor, elige una opci\u00f3n&#8212;<\/option><option value=\"Ctra. de Barcelona, Viladecans\">Ctra. de Barcelona, Viladecans<\/option><option value=\"Calle Lleida, El Prat\">Calle Lleida, El Prat<\/option><option value=\"Edificio Blanes, El Prat\">Edificio Blanes, El Prat<\/option><option value=\"Eixample Sud, El Prat\">Eixample Sud, El Prat<\/option><option value=\"Migdia Cent24, Girona\">Migdia Cent24, Girona<\/option><option value=\"Can Peric\u00e0s, Tossa de Mar\">Can Peric\u00e0s, Tossa de Mar<\/option><\/select><\/span><br \/>\n\t<p>Ind\u00edquenos su consulta\n\t<\/p><span class=\"wpcf7-form-control-wrap\" data-name=\"your-message\"><textarea cols=\"40\" rows=\"10\" maxlength=\"2000\" class=\"wpcf7-form-control wpcf7-textarea\" aria-invalid=\"false\" name=\"your-message\"><\/textarea><\/span>\n<\/h4>\n<p><input class=\"wpcf7-form-control wpcf7-submit has-spinner\" type=\"submit\" value=\"Enviar\" \/>\n<\/p>\n<p><span class=\"wpcf7-form-control-wrap\" data-name=\"acceptance-976\"><span class=\"wpcf7-form-control wpcf7-acceptance\"><span class=\"wpcf7-list-item\"><input type=\"checkbox\" name=\"acceptance-976\" value=\"1\" aria-invalid=\"false\" \/><\/span><\/span><\/span> Acepto la <a href=\"https:\/\/vertix.es\/aviso-legal\/\" target=\"_blank\">pol\u00edtica de privacidad de datos<\/a>\n<\/p><div class=\"fusion-alert alert custom alert-custom fusion-alert-center wpcf7-response-output awb-alert-native-link-color alert-dismissable awb-alert-close-boxed\" style=\"--awb-border-top-left-radius:0px;--awb-border-top-right-radius:0px;--awb-border-bottom-left-radius:0px;--awb-border-bottom-right-radius:0px;\" role=\"alert\"><div class=\"fusion-alert-content-wrapper\"><span class=\"fusion-alert-content\"><\/span><\/div><button type=\"button\" class=\"close toggle-alert\" data-dismiss=\"alert\" aria-label=\"Close\">&times;<\/button><\/div>\n<\/form>\n<\/div>\n<\/div><\/div><\/div><div class=\"fusion-panel panel-default panel-b93ac43a720d90583 fusion-toggle-has-divider\"><div class=\"panel-heading\"><h4 class=\"panel-title toggle\" id=\"toggle_b93ac43a720d90583\"><a aria-expanded=\"false\" aria-controls=\"b93ac43a720d90583\" role=\"button\" data-toggle=\"collapse\" data-parent=\"#accordion-2653-1\" data-target=\"#b93ac43a720d90583\" href=\"#b93ac43a720d90583\"><span class=\"fusion-toggle-icon-wrapper\" aria-hidden=\"true\"><i class=\"fa-fusion-box active-icon awb-icon-minus\" aria-hidden=\"true\"><\/i><i class=\"fa-fusion-box inactive-icon awb-icon-plus\" aria-hidden=\"true\"><\/i><\/span><span class=\"fusion-toggle-heading\">Certificado energ\u00e9tico<\/span><\/a><\/h4><\/div><div id=\"b93ac43a720d90583\" class=\"panel-collapse collapse \" aria-labelledby=\"toggle_b93ac43a720d90583\"><div class=\"panel-body toggle-content fusion-clearfix\">\n<p><span style=\"color: #000000;\"><br \/>\n<strong>Consumo de energ\u00eda kWh\/m2 a\u00f1o<\/strong> A 24<br \/>\n<strong>Emisiones Kg CO2\/m2 a\u00f1o<\/strong> A 4<\/span><\/p>\n<p><a href=\"https:\/\/vertix.es\/wp-content\/uploads\/2019\/01\/BLANES_energetica.png\"><img decoding=\"async\" class=\"wp-image-2669 alignleft\" src=\"https:\/\/vertix.es\/wp-content\/uploads\/2019\/01\/BLANES_energetica-300x230.png\" alt=\"\" width=\"150\" height=\"115\" srcset=\"https:\/\/www.vertix.es\/wp-content\/uploads\/2019\/01\/BLANES_energetica-200x153.png 200w, https:\/\/www.vertix.es\/wp-content\/uploads\/2019\/01\/BLANES_energetica.png 300w\" sizes=\"(max-width: 150px) 100vw, 150px\" \/><\/a><\/p>\n<\/div><\/div><\/div><\/div><\/div><div class=\"fusion-separator fusion-full-width-sep\" style=\"align-self: center;margin-left: auto;margin-right: auto;margin-top:20px;margin-bottom:15px;width:100%;\"><\/div><div ><a class=\"fusion-button button-flat fusion-button-default-size button-default fusion-button-default button-2 fusion-button-default-span fusion-button-default-type\" target=\"_blank\" rel=\"noopener noreferrer\" href=\"http:\/\/www.pisoselprat.com\/?lang=es\"><span class=\"fusion-button-text awb-button__text awb-button__text--default\">M\u00c1S PROMOCIONES PRAT<\/span><\/a><\/div><\/div><\/div><div class=\"fusion-layout-column fusion_builder_column fusion-builder-column-3 fusion_builder_column_2_3 2_3 fusion-flex-column\" style=\"--awb-bg-size:cover;--awb-width-large:66.666666666667%;--awb-margin-top-large:0px;--awb-spacing-right-large:2.88%;--awb-margin-bottom-large:20px;--awb-spacing-left-large:3.84%;--awb-width-medium:66.666666666667%;--awb-spacing-right-medium:2.88%;--awb-spacing-left-medium:3.84%;--awb-width-small:100%;--awb-spacing-right-small:1.92%;--awb-spacing-left-small:1.92%;\"><div class=\"fusion-column-wrapper fusion-flex-justify-content-flex-start fusion-content-layout-column\"><div class=\"fusion-text fusion-text-3\"><div class=\"page\" title=\"Page 1\">\n<div class=\"layoutArea\">\n<div class=\"column\">\n<h4><strong>DESCRIPCI\u00d3N<\/strong><\/h4>\n<h4><strong>Futura promoci\u00f3n-compra<\/strong><\/h4>\n<h4><strong>Promoci\u00f3n de viviendas en r\u00e9gimen de renta libre.<\/strong><\/h4>\n<p>Edificio Blanes es una promoci\u00f3n de viviendas de renta libre para vivir cerca del centro del Prat de Llobregat, localidad pr\u00f3xima a Barcelona, comunicada mediante la nueva l\u00ednea 9 del metro, tren y autov\u00eda.<\/p>\n<p>Todos los servicios al alcance de su mano, en medio del eje comercial y cerca de escuelas y equipaciones.<\/p>\n<p>El edificio se ubica en la Plaza Garrovilles junto a Plaza Blanes. Consta de 22 viviendas en dos escaleras con acceso por las calles Catalu\u00f1a y Cadaqu\u00e8s.<\/p>\n<p>Las viviendas son de 3 dormitorios y en la cuarta planta hay dos de 4 dormitorios con amplias terrazas.\u00a0Todas las viviendas tienen salida a un balc\u00f3n desde el sal\u00f3n y algunas disfrutar\u00e1n del uso privativo de una terraza en la cubierta del edificio.<\/p>\n<p>Con distribuciones funcionales casi todas las estancias s\u00f3n exteriores, con vistas a la Plaza Garrovilles, a calles laterales o bien a un amplio espacio de patio de luces del interior del edificio para aprovechar al m\u00e1ximo el espacio y la luz.<\/p>\n<p>Los interiores de las viviendas est\u00e1n dise\u00f1ados con la elecci\u00f3n de acabados c\u00e1lidos y claros que ayudan a crear una gran sensaci\u00f3n de bienestar y confort<\/p>\n<p>Creemos en la sostenibilidad y por este motivo en esta promoci\u00f3n hemos aplicado tecnolog\u00edas espec\u00edficas en eficiencia energ\u00e9tica, como por ejemplo la instalaci\u00f3n de un sistema de aerotermia y otras soluciones constructivas que se traducen en beneficios para el usuario.<\/p>\n<p>Por la c\/ Cadaqu\u00e8s se acceder\u00e1 a la planta s\u00f3tano donde se ubican las plazas de aparcamiento y trasteros.<\/p>\n<p>La planta baja del edificio est\u00e1 dedicada a uso comercial, con locales abiertos a la Plaza Garrovilles y al resto de comercios del entorno.<\/p>\n<\/div>\n<div class=\"page\" title=\"Page 1\">\n<div class=\"layoutArea\">\n<div class=\"column\">\n<h4><strong>UBICACI\u00d3N<\/strong><\/h4>\n<p>Una ubicaci\u00f3n inmejorable, muy cerca de todo.<\/p>\n<\/div>\n<div class=\"column\"><\/div>\n<\/div>\n<\/div>\n<\/div>\n<\/div>\n<\/div><iframe src=\"https:\/\/www.google.com\/maps\/embed?pb=!1m14!1m12!1m3!1d374.5362537348866!2d2.0999084486100545!3d41.32430625066349!2m3!1f0!2f0!3f0!3m2!1i1024!2i768!4f13.1!5e0!3m2!1ses!2ses!4v1547632991553\" width=\"100%\" height=\"350\" frameborder=\"0\" style=\"border:0\" allowfullscreen><\/iframe><div class=\"fusion-text fusion-text-4\"><div class=\"page\" title=\"Page 1\">\n<h4 class=\"layoutArea\"><strong>COMUNICACIONES<\/strong><\/h4>\n<div title=\"Page 1\">\n<p>El Prat disfruta de una red viaria y de transporte p\u00fablico inmejorable, que convierten la ciudad en un punto\u00a0estrat\u00e9gico del \u00c1rea Metropolitana.<\/p>\n<p>La l\u00ednea de Cercan\u00edas de Renfe, la red de autobusos TMB y el servicio de autob\u00fas nocturno, as\u00ed como la nueva l\u00ednia 9 de metro, con tres estaciones distribuidas por la poblaci\u00f3n, conectan el Prat con la Ciudad de Barcelona a solo 20 minutos.<\/p>\n<\/div>\n<\/div>\n<\/div><\/div><\/div><\/div><\/div><\/p>\n","protected":false},"excerpt":{"rendered":"","protected":false},"author":4,"featured_media":0,"parent":0,"menu_order":0,"comment_status":"closed","ping_status":"closed","template":"100-width.php","meta":{"footnotes":""},"class_list":["post-2653","page","type-page","status-publish","hentry"],"_links":{"self":[{"href":"https:\/\/www.vertix.es\/es\/wp-json\/wp\/v2\/pages\/2653","targetHints":{"allow":["GET"]}}],"collection":[{"href":"https:\/\/www.vertix.es\/es\/wp-json\/wp\/v2\/pages"}],"about":[{"href":"https:\/\/www.vertix.es\/es\/wp-json\/wp\/v2\/types\/page"}],"author":[{"embeddable":true,"href":"https:\/\/www.vertix.es\/es\/wp-json\/wp\/v2\/users\/4"}],"replies":[{"embeddable":true,"href":"https:\/\/www.vertix.es\/es\/wp-json\/wp\/v2\/comments?post=2653"}],"version-history":[{"count":31,"href":"https:\/\/www.vertix.es\/es\/wp-json\/wp\/v2\/pages\/2653\/revisions"}],"predecessor-version":[{"id":3450,"href":"https:\/\/www.vertix.es\/es\/wp-json\/wp\/v2\/pages\/2653\/revisions\/3450"}],"wp:attachment":[{"href":"https:\/\/www.vertix.es\/es\/wp-json\/wp\/v2\/media?parent=2653"}],"curies":[{"name":"wp","href":"https:\/\/api.w.org\/{rel}","templated":true}]}}