{"id":3643,"date":"2021-03-05T11:51:07","date_gmt":"2021-03-05T11:51:07","guid":{"rendered":"https:\/\/vertix.es\/?page_id=3643"},"modified":"2025-05-22T10:23:01","modified_gmt":"2025-05-22T10:23:01","slug":"viladecans-carretera-de-barcelona","status":"publish","type":"page","link":"https:\/\/www.vertix.es\/en\/viladecans-carretera-de-barcelona\/","title":{"rendered":"viladecans-carretera-de-barcelona"},"content":{"rendered":"<p><div class=\"fusion-fullwidth fullwidth-box fusion-builder-row-1 fusion-flex-container nonhundred-percent-fullwidth non-hundred-percent-height-scrolling\" style=\"--awb-background-position:left top;--awb-border-radius-top-left:0px;--awb-border-radius-top-right:0px;--awb-border-radius-bottom-right:0px;--awb-border-radius-bottom-left:0px;--awb-padding-top:40px;--awb-padding-right:0px;--awb-padding-bottom:0px;--awb-padding-left:0px;--awb-margin-top:0px;--awb-margin-bottom:0px;--awb-background-color:#ffffff;--awb-border-sizes-top:0px;--awb-border-sizes-bottom:0px;--awb-flex-wrap:wrap;\" ><div class=\"fusion-builder-row fusion-row fusion-flex-align-items-flex-start fusion-flex-content-wrap\" style=\"max-width:calc( 1100px + 0px );margin-left: calc(-0px \/ 2 );margin-right: calc(-0px \/ 2 );\"><div class=\"fusion-layout-column fusion_builder_column fusion-builder-column-0 fusion_builder_column_1_1 1_1 fusion-flex-column\" style=\"--awb-bg-size:cover;--awb-width-large:100%;--awb-margin-top-large:0px;--awb-spacing-right-large:0px;--awb-margin-bottom-large:0px;--awb-spacing-left-large:0px;--awb-width-medium:100%;--awb-spacing-right-medium:0px;--awb-spacing-left-medium:0px;--awb-width-small:100%;--awb-spacing-right-small:0px;--awb-spacing-left-small:0px;\"><div class=\"fusion-column-wrapper fusion-flex-justify-content-flex-start fusion-content-layout-column\"><div class=\"fusion-image-carousel fusion-image-carousel-auto fusion-image-carousel-1\"><div class=\"awb-carousel awb-swiper awb-swiper-carousel awb-swiper-dots-position-bottom awb-carousel--carousel\" data-layout=\"carousel\" data-autoplay=\"yes\" data-autoplayspeed=\"2500\" data-autoplaypause=\"no\" data-columns=\"1\" data-itemmargin=\"0\" data-itemwidth=\"180\" data-touchscroll=\"no\" data-freemode=\"no\" data-imagesize=\"auto\" data-scrollitems=\"0\" data-centeredslides=\"no\" data-rotationangle=\"50\" data-depth=\"100\" data-speed=\"500\" data-shadow=\"no\" style=\"--awb-columns:1;--awb-column-spacing:0px;\"><div class=\"swiper-wrapper awb-image-carousel-wrapper fusion-flex-align-items-center\"><div class=\"swiper-slide\"><div class=\"fusion-carousel-item-wrapper\"><div class=\"fusion-image-wrapper hover-type-none\"><img decoding=\"async\" width=\"1750\" height=\"1000\" src=\"https:\/\/www.vertix.es\/wp-content\/uploads\/2019\/09\/Exterior-vegetaci\u00f3n-HR-Viladecans.jpg\" class=\"attachment-full size-full\" alt=\"\" srcset=\"https:\/\/www.vertix.es\/wp-content\/uploads\/2019\/09\/Exterior-vegetaci\u00f3n-HR-Viladecans-200x114.jpg 200w, https:\/\/www.vertix.es\/wp-content\/uploads\/2019\/09\/Exterior-vegetaci\u00f3n-HR-Viladecans-300x171.jpg 300w, https:\/\/www.vertix.es\/wp-content\/uploads\/2019\/09\/Exterior-vegetaci\u00f3n-HR-Viladecans-400x229.jpg 400w, https:\/\/www.vertix.es\/wp-content\/uploads\/2019\/09\/Exterior-vegetaci\u00f3n-HR-Viladecans-600x343.jpg 600w, https:\/\/www.vertix.es\/wp-content\/uploads\/2019\/09\/Exterior-vegetaci\u00f3n-HR-Viladecans-768x439.jpg 768w, https:\/\/www.vertix.es\/wp-content\/uploads\/2019\/09\/Exterior-vegetaci\u00f3n-HR-Viladecans-800x457.jpg 800w, https:\/\/www.vertix.es\/wp-content\/uploads\/2019\/09\/Exterior-vegetaci\u00f3n-HR-Viladecans-1024x585.jpg 1024w, https:\/\/www.vertix.es\/wp-content\/uploads\/2019\/09\/Exterior-vegetaci\u00f3n-HR-Viladecans-1200x686.jpg 1200w, https:\/\/www.vertix.es\/wp-content\/uploads\/2019\/09\/Exterior-vegetaci\u00f3n-HR-Viladecans.jpg 1750w\" sizes=\"(max-width: 1750px) 100vw, 1750px\" \/><\/div><\/div><\/div><\/div><div class=\"awb-swiper-button awb-swiper-button-prev\"><i class=\"awb-icon-angle-left\" aria-hidden=\"true\"><\/i><\/div><div class=\"awb-swiper-button awb-swiper-button-next\"><i class=\"awb-icon-angle-right\" aria-hidden=\"true\"><\/i><\/div><\/div><\/div><\/div><\/div><\/div><\/div><div class=\"fusion-fullwidth fullwidth-box fusion-builder-row-2 fusion-flex-container nonhundred-percent-fullwidth non-hundred-percent-height-scrolling\" style=\"--awb-background-position:left top;--awb-border-radius-top-left:0px;--awb-border-radius-top-right:0px;--awb-border-radius-bottom-right:0px;--awb-border-radius-bottom-left:0px;--awb-padding-top:20px;--awb-padding-right:8%;--awb-padding-bottom:20px;--awb-padding-left:8%;--awb-margin-top:0px;--awb-margin-bottom:0px;--awb-background-color:#ffffff;--awb-border-sizes-top:0px;--awb-border-sizes-bottom:0px;--awb-flex-wrap:wrap;\" ><div class=\"fusion-builder-row fusion-row fusion-flex-align-items-flex-start fusion-flex-content-wrap\" style=\"max-width:1144px;margin-left: calc(-4% \/ 2 );margin-right: calc(-4% \/ 2 );\"><div class=\"fusion-layout-column fusion_builder_column fusion-builder-column-1 fusion_builder_column_1_3 1_3 fusion-flex-column\" style=\"--awb-bg-size:cover;--awb-width-large:33.333333333333%;--awb-margin-top-large:0px;--awb-spacing-right-large:3.8399999999999%;--awb-margin-bottom-large:20px;--awb-spacing-left-large:5.76%;--awb-width-medium:33.333333333333%;--awb-spacing-right-medium:3.8399999999999%;--awb-spacing-left-medium:5.76%;--awb-width-small:100%;--awb-spacing-right-small:1.92%;--awb-spacing-left-small:1.92%;\"><div class=\"fusion-column-wrapper fusion-flex-justify-content-flex-start fusion-content-layout-column\"><div class=\"fusion-text fusion-text-1\"><h2>Viladecans<\/h2>\n<h4><span style=\"font-size: 14pt;\">Ubicaci\u00f3n:<\/span><br \/>\nCarretera del Prat, 2-4<br \/>\ncon Ctra\/ Barcelona, 18-20<br \/>\nViladecans<\/h4>\n<\/div><div class=\"fusion-separator fusion-full-width-sep\" style=\"align-self: center;margin-left: auto;margin-right: auto;margin-top:10px;margin-bottom:15px;width:100%;\"><div class=\"fusion-separator-border sep-single sep-solid\" style=\"--awb-height:20px;--awb-amount:20px;--awb-sep-color:#666666;border-color:#666666;border-top-width:1px;\"><\/div><\/div><div class=\"fusion-text fusion-text-2\"><h4><span style=\"font-size: 14pt;\">Informaci\u00f3n y ventas:<\/span><br \/>\n<a href=\"mailto:info@vertix.es\">info@vertix.es<\/a><\/h4>\n<\/div><a href=\"tel:+34664488254\"><h4><b>Tel. 664 488 254<\/b><\/h4><\/a><div class=\"fusion-separator fusion-full-width-sep\" style=\"align-self: center;margin-left: auto;margin-right: auto;margin-top:5px;margin-bottom:5px;width:100%;\"><div class=\"fusion-separator-border sep-single sep-solid\" style=\"--awb-height:20px;--awb-amount:20px;--awb-sep-color:#e0e0e0;border-color:#e0e0e0;border-top-width:1px;\"><\/div><\/div><div class=\"accordian fusion-accordian\" style=\"--awb-border-size:1px;--awb-icon-size:13px;--awb-content-font-size:var(--awb-typography4-font-size);--awb-icon-alignment:left;--awb-hover-color:#f9f9f9;--awb-border-color:#cccccc;--awb-background-color:#ffffff;--awb-divider-color:var(--awb-color3);--awb-divider-hover-color:var(--awb-color3);--awb-icon-color:#ffffff;--awb-title-color:var(--awb-color8);--awb-content-color:var(--awb-color8);--awb-icon-box-color:#37383a;--awb-toggle-hover-accent-color:#adadad;--awb-title-font-family:var(--awb-typography1-font-family);--awb-title-font-weight:var(--awb-typography1-font-weight);--awb-title-font-style:var(--awb-typography1-font-style);--awb-title-font-size:16px;--awb-title-line-height:1.56;--awb-content-font-family:var(--awb-typography4-font-family);--awb-content-font-weight:var(--awb-typography4-font-weight);--awb-content-font-style:var(--awb-typography4-font-style);\"><div class=\"panel-group fusion-toggle-icon-boxed\" id=\"accordion-3643-1\"><div class=\"fusion-panel panel-default panel-be3c116bdc6bf37f8 fusion-toggle-has-divider\"><div class=\"panel-heading\"><h4 class=\"panel-title toggle\" id=\"toggle_be3c116bdc6bf37f8\"><a aria-expanded=\"false\" aria-controls=\"be3c116bdc6bf37f8\" role=\"button\" data-toggle=\"collapse\" data-parent=\"#accordion-3643-1\" data-target=\"#be3c116bdc6bf37f8\" href=\"#be3c116bdc6bf37f8\"><span class=\"fusion-toggle-icon-wrapper\" aria-hidden=\"true\"><i class=\"fa-fusion-box active-icon awb-icon-minus\" aria-hidden=\"true\"><\/i><i class=\"fa-fusion-box inactive-icon awb-icon-plus\" aria-hidden=\"true\"><\/i><\/span><span class=\"fusion-toggle-heading\">Planos<\/span><\/a><\/h4><\/div><div id=\"be3c116bdc6bf37f8\" class=\"panel-collapse collapse \" aria-labelledby=\"toggle_be3c116bdc6bf37f8\"><div class=\"panel-body toggle-content fusion-clearfix\">\n<h4><span style=\"color: #333333;\"><strong>Planos parking.<\/strong><\/span><\/h4>\n<p><span style=\"color: #333333;\"><span style=\"text-decoration: underline;\"><a style=\"color: #333333; text-decoration: underline;\" href=\"https:\/\/www.vertix.es\/wp-content\/uploads\/2025\/05\/planol-sotan-1.pdf\" target=\"_blank\" rel=\"noopener noreferrer\">Planta parking 1<\/a><\/span><br \/>\n<a href=\"https:\/\/www.vertix.es\/wp-content\/uploads\/2025\/05\/planol-sotan-2.pdf\">Planta parking 2<\/a><\/span><\/p>\n<\/div><\/div><\/div><\/div><\/div><\/div><\/div><div class=\"fusion-layout-column fusion_builder_column fusion-builder-column-2 fusion_builder_column_2_3 2_3 fusion-flex-column\" style=\"--awb-bg-size:cover;--awb-width-large:66.666666666667%;--awb-margin-top-large:0px;--awb-spacing-right-large:2.88%;--awb-margin-bottom-large:20px;--awb-spacing-left-large:3.84%;--awb-width-medium:66.666666666667%;--awb-spacing-right-medium:2.88%;--awb-spacing-left-medium:3.84%;--awb-width-small:100%;--awb-spacing-right-small:1.92%;--awb-spacing-left-small:1.92%;\"><div class=\"fusion-column-wrapper fusion-flex-justify-content-flex-start fusion-content-layout-column\"><div class=\"fusion-text fusion-text-3\"><h2><b>Plazas de aparcamiento en venta \u2013 Edificio Barcelona Viladecans<br \/>\n<\/b><\/h2>\n<p>Ponemos a su disposici\u00f3n plazas de aparcamiento en venta en un edificio de reciente construcci\u00f3n, con parking distribuido en dos plantas subterr\u00e1neas.<br \/>\nEstas plazas destacan por su amplitud, su f\u00e1cil maniobrabilidad y por estar ubicadas en un entorno moderno, seguro y de acceso c\u00f3modo.<br \/>\nIdeales tanto para uso particular como para inversi\u00f3n, ofrecen una excelente oportunidad en una zona con alta demanda de aparcamiento.<\/p>\n<h4><b>Caracter\u00edsticas destacadas:<br \/>\n<\/b><\/h4>\n<ul>\n<li>Edificio de obra nueva<\/li>\n<li>Parking en dos niveles subterr\u00e1neos<\/li>\n<li>Plazas amplias y bien delimitadas<\/li>\n<li>Accesos c\u00f3modos y maniobra sencilla<\/li>\n<li>Entorno seguro y moderno<\/li>\n<li>Puerta motorizada<\/li>\n<li>Excelente opci\u00f3n para inversores<\/li>\n<\/ul>\n<\/div><div class=\"fusion-separator\" style=\"align-self: flex-start;margin-right:auto;margin-top:15px;margin-bottom:15px;width:100%;max-width:50px;\"><\/div><div class=\"fusion-separator\" style=\"align-self: flex-start;margin-right:auto;margin-top:15px;margin-bottom:15px;width:100%;max-width:50px;\"><div class=\"fusion-separator-border sep-single sep-solid\" style=\"--awb-height:20px;--awb-amount:20px;--awb-sep-color:#878585;border-color:#878585;border-top-width:1px;\"><\/div><\/div><div class=\"fusion-text fusion-text-4\"><div class=\"page\" title=\"Page 1\">\n<div class=\"layoutArea\">\n<div class=\"column\">\n<h4><strong>Galeria fotogr\u00e1fica<\/strong><\/h4>\n<\/div>\n<\/div>\n<\/div>\n<\/div><div class=\"awb-gallery-wrapper awb-gallery-wrapper-1 button-span-no\"><div style=\"margin:-2px;--awb-bordersize:0px;\" class=\"fusion-gallery fusion-gallery-container fusion-grid-4 fusion-columns-total-3 fusion-gallery-layout-grid fusion-gallery-1\"><div style=\"padding:2.5px;\" class=\"fusion-grid-column fusion-gallery-column fusion-gallery-column-4 hover-type-none\"><div class=\"fusion-gallery-image\"><a href=\"https:\/\/www.vertix.es\/wp-content\/uploads\/2025\/05\/ft2-copia-parking.jpg\" rel=\"noreferrer\" data-rel=\"iLightbox[gallery_image_1]\" class=\"fusion-lightbox\" target=\"_self\"><img decoding=\"async\" src=\"https:\/\/www.vertix.es\/wp-content\/uploads\/2025\/05\/ft2-copia-parking.jpg\" width=\"1000\" height=\"800\" alt=\"\" title=\"ft2 copia parking\" aria-label=\"ft2 copia parking\" class=\"img-responsive wp-image-5154\" srcset=\"https:\/\/www.vertix.es\/wp-content\/uploads\/2025\/05\/ft2-copia-parking-200x160.jpg 200w, https:\/\/www.vertix.es\/wp-content\/uploads\/2025\/05\/ft2-copia-parking-400x320.jpg 400w, https:\/\/www.vertix.es\/wp-content\/uploads\/2025\/05\/ft2-copia-parking-600x480.jpg 600w, https:\/\/www.vertix.es\/wp-content\/uploads\/2025\/05\/ft2-copia-parking-800x640.jpg 800w, https:\/\/www.vertix.es\/wp-content\/uploads\/2025\/05\/ft2-copia-parking.jpg 1000w\" sizes=\"(min-width: 2200px) 100vw, (min-width: 856px) 274px, (min-width: 784px) 365px, (min-width: 712px) 547px, (min-width: 640px) 712px, \" \/><\/a><\/div><\/div><div style=\"padding:2.5px;\" class=\"fusion-grid-column fusion-gallery-column fusion-gallery-column-4 hover-type-none\"><div class=\"fusion-gallery-image\"><a href=\"https:\/\/www.vertix.es\/wp-content\/uploads\/2025\/05\/20250219_150457_parking.jpg\" rel=\"noreferrer\" data-rel=\"iLightbox[gallery_image_1]\" class=\"fusion-lightbox\" target=\"_self\"><img decoding=\"async\" src=\"https:\/\/www.vertix.es\/wp-content\/uploads\/2025\/05\/20250219_150457_parking.jpg\" width=\"1000\" height=\"800\" alt=\"\" title=\"20250219_150457_parking\" aria-label=\"20250219_150457_parking\" class=\"img-responsive wp-image-5151\" srcset=\"https:\/\/www.vertix.es\/wp-content\/uploads\/2025\/05\/20250219_150457_parking-200x160.jpg 200w, https:\/\/www.vertix.es\/wp-content\/uploads\/2025\/05\/20250219_150457_parking-400x320.jpg 400w, https:\/\/www.vertix.es\/wp-content\/uploads\/2025\/05\/20250219_150457_parking-600x480.jpg 600w, https:\/\/www.vertix.es\/wp-content\/uploads\/2025\/05\/20250219_150457_parking-800x640.jpg 800w, https:\/\/www.vertix.es\/wp-content\/uploads\/2025\/05\/20250219_150457_parking.jpg 1000w\" sizes=\"(min-width: 2200px) 100vw, (min-width: 856px) 274px, (min-width: 784px) 365px, (min-width: 712px) 547px, (min-width: 640px) 712px, \" \/><\/a><\/div><\/div><div style=\"padding:2.5px;\" class=\"fusion-grid-column fusion-gallery-column fusion-gallery-column-4 hover-type-none\"><div class=\"fusion-gallery-image\"><a href=\"https:\/\/www.vertix.es\/wp-content\/uploads\/2025\/05\/20250219_150207-parking.jpg\" rel=\"noreferrer\" data-rel=\"iLightbox[gallery_image_1]\" class=\"fusion-lightbox\" target=\"_self\"><img decoding=\"async\" src=\"https:\/\/www.vertix.es\/wp-content\/uploads\/2025\/05\/20250219_150207-parking.jpg\" width=\"1000\" height=\"800\" alt=\"\" title=\"20250219_150207 parking\" aria-label=\"20250219_150207 parking\" class=\"img-responsive wp-image-5148\" srcset=\"https:\/\/www.vertix.es\/wp-content\/uploads\/2025\/05\/20250219_150207-parking-200x160.jpg 200w, https:\/\/www.vertix.es\/wp-content\/uploads\/2025\/05\/20250219_150207-parking-400x320.jpg 400w, https:\/\/www.vertix.es\/wp-content\/uploads\/2025\/05\/20250219_150207-parking-600x480.jpg 600w, https:\/\/www.vertix.es\/wp-content\/uploads\/2025\/05\/20250219_150207-parking-800x640.jpg 800w, https:\/\/www.vertix.es\/wp-content\/uploads\/2025\/05\/20250219_150207-parking.jpg 1000w\" sizes=\"(min-width: 2200px) 100vw, (min-width: 856px) 274px, (min-width: 784px) 365px, (min-width: 712px) 547px, (min-width: 640px) 712px, \" \/><\/a><\/div><\/div><\/div><\/div><div class=\"fusion-separator\" style=\"align-self: flex-start;margin-right:auto;margin-top:15px;margin-bottom:15px;width:100%;max-width:50px;\"><\/div><div class=\"fusion-separator\" style=\"align-self: flex-start;margin-right:auto;margin-top:15px;margin-bottom:15px;width:100%;max-width:50px;\"><div class=\"fusion-separator-border sep-single sep-solid\" style=\"--awb-height:20px;--awb-amount:20px;--awb-sep-color:#878585;border-color:#878585;border-top-width:1px;\"><\/div><\/div><div class=\"fusion-text fusion-text-5\"><div class=\"page\" title=\"Page 1\">\n<div class=\"layoutArea\">\n<div class=\"column\">\n<h4>Solicite m\u00e1s informaci\u00f3n sin compromiso.<\/h4>\n<p>Consulte disponibilidad y precios. Una inversi\u00f3n pr\u00e1ctica, segura y con alto potencial de rentabilidad.<\/p>\n<\/div>\n<\/div>\n<\/div>\n<\/div><\/div><\/div><\/div><\/div><\/p>\n","protected":false},"excerpt":{"rendered":"","protected":false},"author":4,"featured_media":0,"parent":0,"menu_order":0,"comment_status":"closed","ping_status":"closed","template":"","meta":{"footnotes":""},"class_list":["post-3643","page","type-page","status-publish","hentry"],"_links":{"self":[{"href":"https:\/\/www.vertix.es\/en\/wp-json\/wp\/v2\/pages\/3643","targetHints":{"allow":["GET"]}}],"collection":[{"href":"https:\/\/www.vertix.es\/en\/wp-json\/wp\/v2\/pages"}],"about":[{"href":"https:\/\/www.vertix.es\/en\/wp-json\/wp\/v2\/types\/page"}],"author":[{"embeddable":true,"href":"https:\/\/www.vertix.es\/en\/wp-json\/wp\/v2\/users\/4"}],"replies":[{"embeddable":true,"href":"https:\/\/www.vertix.es\/en\/wp-json\/wp\/v2\/comments?post=3643"}],"version-history":[{"count":5,"href":"https:\/\/www.vertix.es\/en\/wp-json\/wp\/v2\/pages\/3643\/revisions"}],"predecessor-version":[{"id":5168,"href":"https:\/\/www.vertix.es\/en\/wp-json\/wp\/v2\/pages\/3643\/revisions\/5168"}],"wp:attachment":[{"href":"https:\/\/www.vertix.es\/en\/wp-json\/wp\/v2\/media?parent=3643"}],"curies":[{"name":"wp","href":"https:\/\/api.w.org\/{rel}","templated":true}]}}